{"id":623,"date":"2020-12-28T15:11:46","date_gmt":"2020-12-28T15:11:46","guid":{"rendered":"http:\/\/web6459.pro3.web4a.de\/wordpress\/?page_id=623"},"modified":"2025-01-02T11:54:05","modified_gmt":"2025-01-02T11:54:05","slug":"datenschutzerklaerung","status":"publish","type":"page","link":"https:\/\/schu-finanzmanagement.de\/index.php\/datenschutzerklaerung\/","title":{"rendered":"Datenschutzerkl\u00e4rung"},"content":{"rendered":"<style>\n            #jmdcontent h1, #jmdcontent h2, #jmdcontent h3, #jmdcontent h4, #jmdcontent h5, #jmdcontent h6 {\n                margin: 1.5em 0 1em 0;\n            }\n            #jmdcontent {\n                font-size: 14px;\n                line-height: 1.5;\n                text-align: left;\n            }\n            #jmdcontent a {\n                word-break: break-word;\n            }\n            #jmdcontent code {\n                background-color: #FFFFFF;\n                color: #bd4147;\n                box-shadow: 0 2px 1px -1px rgba(0,0,0,.2), 0 1px 1px 0 rgba(0,0,0,.14), 0 1px 3px 0 rgba(0,0,0,.12);\n                display: inline-block;\n                border-radius: 3px;\n                white-space: pre-wrap;\n                font-size: 85%;\n                font-weight: 900;\n            }\n            #jmdcontent code:after, #jmdcontent code:before {\n                content: \"A0\";\n                letter-spacing: -1px;\n            }\n            #jmdcontent table {\n                border: solid 1px #EEEEEE;\n                border-collapse: collapse;\n                border-spacing: 0;\n                font-size: 0.9em;\n                line-height: normal;\n            }\n            #jmdcontent table thead th {\n                background-color: #EFEFEF;\n                padding: 10px;\n                text-align: left;\n                color: black;\n                margin: revert;\n                width: revert;\n                height: revert;\n            }\n            #jmdcontent table tbody td {\n                border: solid 1px #EEEEEE;\n                padding: 10px;\n            }\n            #jmdcontent .cancellation-policy, #jmdcontent .jmd-bordered {\n                border: solid 1px;\n                padding: 0em 1em;\n            }\n            #jmdcontent ol {\n              counter-reset: item;\n            }\n            #jmdcontent ol > li {\n              display: block;\n            }\n            #jmdcontent li {\n             list-style-position: outside !important;\n            }\n            #jmdcontent ol > li >*:first-child:before {\n              content: counters(item, \".\") \". \";\n              counter-increment: item\n            }\n            @media (max-width: 1600px) {\n                #jmdcontent table, #jmdcontent thead, #jmdcontent tbody, #jmdcontent tfoot,\n                #jmdcontent tr, #jmdcontent th, #jmdcontent td {\n                    display: block;\n                }\n                #jmdcontent thead tr, #jmdcontent tfoot tr > th {\n                    display: none;\n                }\n                #jmdcontent tr {\n                    border: 1px solid #ccc;\n                    margin-bottom: 1em;\n                }\n                #jmdcontent tr:last-child {\n                    margin-bottom: 0;\n                }\n                #jmdcontent table tbody  td {\n                    border: none;\n                    border-bottom: 1px solid #eee;\n                    position: relative;\n                    white-space: normal;\n                    text-align: left;\n                    padding: 5px 10px 5px calc(30% + 20px);\n                }\n                #jmdcontent table tbody td:before {\n                    content: attr(data-header);\n                    position: absolute;\n                    top: 1px;\n                    left: 1px;\n                    width: 30%;\n                    padding: 5px 10px;\n                    white-space: nowrap;\n                    text-align: left;\n                    font-weight: bold;\n                }\n            }\n<\/style>\n<h1 id=\"jsectiondatenschutzerklrung\">Datenschutzerkl\u00e4rung<\/h1>\n<p>Wir freuen uns \u00fcber Ihren Besuch auf unserer Internetseite schu-finanzmanagement.de und Ihr Interesse an unserem Unternehmen.<\/p>\n<p>Der Schutz Ihrer personenbezogenen Daten, wie z.B. Geburtsdatum, Name, Telefonnummer, Anschrift etc., ist uns ein wichtiges Anliegen.<\/p>\n<p>Der Zweck dieser Datenschutzerkl\u00e4rung besteht darin, Sie \u00fcber die Verarbeitung Ihrer personenbezogenen Daten zu informieren, die wir bei einem Seitenbesuch von Ihnen sammeln.<br \/>\nUnsere Datenschutzpraxis steht im Einklang mit den gesetzlichen Regelungen der Datenschutzgrundverordnung der EU (DSGVO) und dem Bundesdatenschutzgesetz (BDSG).<br \/>\nDie nachfolgende Datenschutzerkl\u00e4rung dient der Erf\u00fcllung der sich aus der DSGVO ergebenden Informationspflichten.<br \/>\nDiese finden sich z.B. in Art. 13 und Art. 14 ff. DSGVO.<\/p>\n<h2 id=\"jsectionanameresponsibleentityaverantwortlicher\"><a name=\"responsible-entity\"><\/a> Verantwortlicher<\/h2>\n<p>Verantwortlicher im Sinne des Art. 4 Nr. 7 DSGVO ist derjenige, der allein oder gemeinsam mit anderen \u00fcber die Zwecke und Mittel der Verarbeitung von personenbezogenen Daten entscheidet.<\/p>\n<p>Im Hinblick auf unsere Internetseite ist der Verantwortliche:<\/p>\n<p>Schu Finanz-Management e.K.<br \/>\nBergstr. 15<br \/>\n66557 Illingen<br \/>\nDeutschland<br \/>\nE-Mail: <a href=\"mailto:info@schu-finanzmanagement.de\" rel=\"noopener noreferrer\" target=\"_blank\">info@schu-finanzmanagement.de<\/a><br \/>\nTel.: 068254994215<br \/>\nFax: 068254994218  <\/p>\n<h2 id=\"jsectionbereitstellungderwebsiteunderstellungvonlogfiles\">Bereitstellung der Website und Erstellung von Logfiles<\/h2>\n<p>Bei jedem Aufruf unserer Internetseite erfasst unser System automatisiert Daten und Informationen des jeweils abrufenden Ger\u00e4tes (z.B. Computer, Mobiltelefon, Tablet, etc.).<\/p>\n<h4 id=\"jsectionwelchepersonenbezogenendatenwerdenerhobenundinwelchemumfangwerdendieseverarbeitet\">Welche personenbezogenen Daten werden erhoben und in welchem Umfang werden diese verarbeitet?<\/h4>\n<p>(1) Informationen \u00fcber den Browsertyp und die verwendete Version;<br \/>\n(2) Das Betriebssystem des Abrufger\u00e4tes;<br \/>\n(3) Hostname des zugreifenden Rechners;<br \/>\n(4) Die IP-Adresse des Abrufger\u00e4tes;<br \/>\n(5) Datum und Uhrzeit des Zugriffs;<br \/>\n(6) Websites und Ressourcen (Bilder, Dateien, weitere Seiteninhalte), die auf unserer Internetseite aufgerufen wurden;<br \/>\n(7) Websites, von denen das System des Nutzers auf unsere Internetseite gelangte (Referrer-Tracking);<br \/>\n(8) Meldung, ob der Abruf erfolgreich war;<br \/>\n(9) \u00dcbertragene Datenmenge  <\/p>\n<p>Diese Daten werden in den Logfiles unseres Systems gespeichert.<br \/>\nEine Speicherung dieser Daten zusammen mit personenbezogenen Daten eines konkreten Nutzers findet nicht statt, so dass eine Identifizierung einzelner Seitenbesucher nicht erfolgt.<\/p>\n<h4 id=\"jsectionrechtsgrundlagefrdieverarbeitungpersonenbezogenerdaten\">Rechtsgrundlage f\u00fcr die Verarbeitung personenbezogener Daten<\/h4>\n<p>Art. 6 Abs. 1 lit. f DSGVO (berechtigtes Interesse).<br \/>\nUnser berechtigtes Interesse besteht darin, die Erreichung des nachfolgend geschilderten Zwecks zu gew\u00e4hrleisten.<\/p>\n<h4 id=\"jsectionzweckderdatenverarbeitung\">Zweck der Datenverarbeitung<\/h4>\n<p>Die vor\u00fcbergehende (automatisierte) Speicherung der Daten ist f\u00fcr den Ablauf eines Websitebesuchs erforderlich, um eine Auslieferung der Website zu erm\u00f6glichen.<br \/>\nDie Speicherung und Verarbeitung der personenbezogenen Daten erfolgt zudem zur Erhaltung der Kompatibilit\u00e4t unserer Internetseite f\u00fcr m\u00f6glichst alle Besucher und zur Missbrauchsbek\u00e4mpfung und St\u00f6rungsbeseitigung.<br \/>\nHierf\u00fcr ist es notwendig, die technischen Daten des abrufenden Rechners zu loggen, um so fr\u00fchestm\u00f6glich auf Darstellungsfehler, Angriffe auf unsere IT-Systeme und\/oder Fehler der Funktionalit\u00e4t unserer Internetseite reagieren zu k\u00f6nnen.<br \/>\nZudem dienen uns die Daten zur Optimierung der Website und zur generellen Sicherstellung der Sicherheit unserer informationstechnischen Systeme.<\/p>\n<h4 id=\"jsectiondauerderspeicherung\">Dauer der Speicherung<\/h4>\n<p>Die L\u00f6schung der vorgenannten technischen Daten erfolgt, sobald sie nicht mehr ben\u00f6tigt werden, um die Kompatibilit\u00e4t der Internetseite f\u00fcr alle Besucher zu gew\u00e4hrleisten, sp\u00e4testens aber 3 Monate nach Abruf unserer Internetseite.<\/p>\n<h4 id=\"jsectionwiderspruchsundlschungsmglichkeit\">Widerspruchs- und L\u00f6schungsm\u00f6glichkeit<\/h4>\n<p>Sie k\u00f6nnen der Verarbeitung jederzeit gem. Art. 21 DSGVO widersprechen und eine L\u00f6schung von Daten gem. Art. 17 DSGVO verlangen.<br \/>\nWelche Rechte Ihnen zustehen und wie Sie diese geltend machen, finden Sie im unteren Bereich dieser Datenschutzerkl\u00e4rung.<\/p>\n<h2 id=\"jsectionbesonderefunktionenderinternetseite\">Besondere Funktionen der Internetseite<\/h2>\n<p>Unsere Seite bietet Ihnen verschiedene Funktionen, bei deren Nutzung von uns personenbezogene Daten erhoben, verarbeitet und gespeichert werden.<br \/>\nNachfolgend erkl\u00e4ren wir, was mit diesen Daten geschieht:<\/p>\n<h3 id=\"jsectionkontaktformulare\">Kontaktformular(e)<\/h3>\n<ul>\n<li>\n<h4 id=\"jsectionwelchepersonenbezogenendatenwerdenerhobenundinwelchemumfangwerdendieseverarbeitet-1\">Welche personenbezogenen Daten werden erhoben und in welchem Umfang werden diese verarbeitet?<\/h4>\n<p>Die von Ihnen in unsere Kontaktformulare eingegebenen Daten, die Sie in die Eingabemaske des Kontaktformulars eingetragen haben, werden wir zur Erf\u00fcllung des unten genannten Zwecks verarbeiten.<\/p>\n<\/li>\n<li>\n<h4 id=\"jsectionrechtsgrundlagefrdieverarbeitungpersonenbezogenerdaten-1\">Rechtsgrundlage f\u00fcr die Verarbeitung personenbezogener Daten<\/h4>\n<p>Art. 6 Abs. 1 lit. a DSGVO (Einwilligung durch eindeutige best\u00e4tigende Handlung bzw. Verhaltensweise)<\/p>\n<\/li>\n<li>\n<h4 id=\"jsectionzweckderdatenverarbeitung-1\">Zweck der Datenverarbeitung<\/h4>\n<p>Die \u00fcber unser Kontaktformular bzw. \u00fcber unsere Kontaktformulare aufgenommenen Daten werden wir nur f\u00fcr die Bearbeitung der konkreten Kontaktanfrage verwenden, die durch das Kontaktformular eingeht.<\/p>\n<\/li>\n<li>\n<h4 id=\"jsectiondauerderspeicherung-1\">Dauer der Speicherung<\/h4>\n<p>Nach Bearbeitung Ihrer Anfrage werden die erhobenen Daten unverz\u00fcglich gel\u00f6scht, soweit keine gesetzlichen Aufbewahrungsfristen bestehen.<\/p>\n<\/li>\n<li>\n<h4 id=\"jsectionwiderrufsundlschungsmglichkeit\">Widerrufs- und L\u00f6schungsm\u00f6glichkeit<\/h4>\n<p>Die Widerrufs- und L\u00f6schungsm\u00f6glichkeiten richten sich nach den nachfolgend in dieser Datenschutzerkl\u00e4rung geschilderten generellen Regelungen zum datenschutzrechtlichen Widerrufsrecht und L\u00f6schungsanspruch.<\/p>\n<\/li>\n<li>\n<h4 id=\"jsectionerforderlichkeitderangabepersonenbezogenerdaten\">Erforderlichkeit der Angabe personenbezogener Daten<\/h4>\n<p>Die Nutzung der Kontaktformulare erfolgt auf freiwilliger Basis und ist weder vertraglich noch gesetzlich vorgeschrieben.<br \/>\nSie sind nicht verpflichtet mit uns \u00fcber das Kontaktformular Kontakt aufzunehmen, sondern k\u00f6nnen auch die weiteren auf unserer Seite angegebenen Kontaktm\u00f6glichkeiten nutzen.<br \/>\nSofern Sie unser Kontaktformular nutzen m\u00f6chten, m\u00fcssen Sie die als Pflichtangaben gekennzeichneten Felder ausf\u00fcllen.<br \/>\nSofern Sie die notwendigen Angaben des Kontaktformulars nicht mit Inhalt bef\u00fcllen, k\u00f6nnen Sie entweder die Anfrage nicht absenden, oder wir k\u00f6nnen Ihre Anfrage leider nicht bearbeiten.<\/p>\n<\/li>\n<\/ul>\n<h2 id=\"jsectionstatistischeauswertungderbesuchedieserinternetseitewebtracker\">Statistische Auswertung der Besuche dieser Internetseite &#8211; Webtracker<\/h2>\n<p>Wir erheben, verarbeiten und speichern bei dem Aufruf dieser Internetseite oder einzelner Dateien der Internetseite folgende Daten:<br \/>\nIP-Adresse, Webseite, von der aus die Datei abgerufen wurde, Name der Datei, Datum und Uhrzeit des Abrufs, \u00fcbertragene Datenmenge und Meldung \u00fcber den Erfolg des Abrufs (sog. Web-Log).<br \/>\nDiese Zugriffsdaten verwenden wir ausschlie\u00dflich in nicht personalisierter Form f\u00fcr die stetige Verbesserung unseres Internetangebots und zu statistischen Zwecken.<br \/>\nWir setzen zur Auswertung der Besuche dieser Internetseite zudem noch folgende Webtracker ein:<\/p>\n<ul>\n<li>\n<h3 id=\"jsectionanametracker116agstatic\"><a name=\"tracker-116\"><\/a> Gstatic<\/h3>\n<p>Wir verwenden auf unserer Seite den Dienst Gstatic des Unternehmens Google Ireland Limited, Gordon House, Barrow Street, 4 Dublin, Irland, E-Mail: <a href=\"mailto:support-deutschland@google.com\" rel=\"noopener noreferrer\" target=\"_blank\">support-deutschland@google.com<\/a>, Website: <a href=\"https:\/\/www.google.com\/\" rel=\"noopener noreferrer\" target=\"_blank\">https:\/\/www.google.com\/<\/a>.<br \/>\nDie \u00dcbermittlung personenbezogener Daten erfolgt auch in die USA.&#10;Im Hinblick auf die \u00dcbermittlung personenbezogener Daten in die USA besteht ein Angemessenheitsbeschlusses zum EU-US Data Privacy Framework der EU Kommission im Sinne des Art. 45 DSGVO (nachfolgend: DPF &#8211; <a href=\"https:\/\/commission.europa.eu\/document\/fa09cbad-dd7d-4684-ae60-be03fcb0fddf_en\" rel=\"noopener noreferrer\" target=\"_blank\">https:\/\/commission.europa.eu\/document\/fa09cbad-dd7d-4684-ae60-be03fcb0fddf_en<\/a> ).&#10;Der Betreiber des Dienstes ist im Rahmen des DPF zertifiziert, so dass f\u00fcr die \u00dcbermittlung das \u00fcbliche Schutzniveau der DSGVO gilt.<\/p>\n<p>Rechtsgrundlage f\u00fcr die Verarbeitung der personenbezogenen Daten stellt Ihre Einwilligung gem. Art. 6 Abs. 1 lit. a DSGVO bzw. Art. 9 Abs. 2 lit. a DSGVO dar, die Sie auf unserer Internetseite get\u00e4tigt haben.<\/p>\n<p>Gstatic ist ein von Google verwendeter Hintergrunddienst zum Abrufen statischer Inhalte, um die Bandbreitennutzung zu reduzieren und ben\u00f6tigte Katalogdateien bereits vorab zu laden. Der Dienst l\u00e4dt insbesondere Hintergrunddaten zu Google Fonts und Google Maps.<\/p>\n<p>Im Rahmen der Auftragsverarbeitung kann es auch zu einer \u00dcbermittlung von personenbezogenen Daten an die Server des Unternehmens Google LLC, 1600 Amphitheatre Parkway, 94043 Mountain View, Vereinigte Staaten kommen.&#10;&#10;Die Zertifizierung des Anbieters im Rahmen des EU-US Data Privacy Frameworks k\u00f6nnen Sie unter <a href=\"https:\/\/www.dataprivacyframework.gov\/list\" rel=\"noopener noreferrer\" target=\"_blank\">https:\/\/www.dataprivacyframework.gov\/list<\/a> abrufen.<\/p>\n<p>Ihre Einwilligung k\u00f6nnen Sie jederzeit widerrufen.&#10;N\u00e4here Informationen zum Widerruf Ihrer Einwilligung finden Sie entweder bei der Einwilligung selbst oder am Ende dieser Datenschutzerkl\u00e4rung.<\/p>\n<p>Weitere Informationen zum Handling der \u00fcbertragenen Daten finden Sie in der Datenschutzerkl\u00e4rung des Anbieters unter <a href=\"https:\/\/policies.google.com\/privacy\" rel=\"noopener noreferrer\" target=\"_blank\">https:\/\/policies.google.com\/privacy<\/a>.<\/p>\n<p>Der Anbieter bietet unter <a href=\"https:\/\/support.google.com\/My-Ad-Center-Help\/answer\/12155451?hl&#61;de\" rel=\"noopener noreferrer\" target=\"_blank\">https:\/\/support.google.com\/My-Ad-Center-Help\/answer\/12155451?hl&#61;de<\/a> zus\u00e4tzlich eine Opt-Out M\u00f6glichkeit an.<\/p>\n<\/li>\n<\/ul>\n<h2 id=\"jsectioneinbindungexternerwebservicesundverarbeitungvondatenauerhalbdereu\">Einbindung externer Webservices und Verarbeitung von Daten au\u00dferhalb der EU<\/h2>\n<p>Auf unserer Internetseite verwenden wir aktive Inhalte von externen Anbietern, sog. Webservices.<br \/>\nDurch Aufruf unserer Internetseite erhalten diese externen Anbieter ggf. personenbezogene Informationen \u00fcber Ihren Besuch auf unserer Internetseite.<br \/>\nHierbei ist ggf. eine Verarbeitung von Daten au\u00dferhalb der EU m\u00f6glich.<br \/>\nSie k\u00f6nnen dies verhindern, indem Sie ein entsprechendes Browser-Plugin installieren oder das Ausf\u00fchren von Scripten in Ihrem Browser deaktivieren.<br \/>\nHierdurch kann es zu Funktionseinschr\u00e4nkungen auf Internetseiten kommen, die Sie besuchen.<\/p>\n<p>Wir verwenden folgende externe Webservices:<\/p>\n<ul>\n<li>\n<h3 id=\"jsectionanametracker111agooglecloudapis\"><a name=\"tracker-111\"><\/a> Google Cloud APIs<\/h3>\n<p>Wir verwenden auf unserer Seite den Dienst Google Cloud APIs des Unternehmens Google Ireland Limited, Gordon House, Barrow Street, 4 Dublin, Irland, E-Mail: <a href=\"mailto:support-deutschland@google.com\" rel=\"noopener noreferrer\" target=\"_blank\">support-deutschland@google.com<\/a>, Website: <a href=\"https:\/\/www.google.com\/\" rel=\"noopener noreferrer\" target=\"_blank\">https:\/\/www.google.com\/<\/a>.<br \/>\nDie \u00dcbermittlung personenbezogener Daten erfolgt auch in die USA.&#10;Im Hinblick auf die \u00dcbermittlung personenbezogener Daten in die USA besteht ein Angemessenheitsbeschlusses zum EU-US Data Privacy Framework der EU Kommission im Sinne des Art. 45 DSGVO (nachfolgend: DPF &#8211; <a href=\"https:\/\/commission.europa.eu\/document\/fa09cbad-dd7d-4684-ae60-be03fcb0fddf_en\" rel=\"noopener noreferrer\" target=\"_blank\">https:\/\/commission.europa.eu\/document\/fa09cbad-dd7d-4684-ae60-be03fcb0fddf_en<\/a> ).&#10;Der Betreiber des Dienstes ist im Rahmen des DPF zertifiziert, so dass f\u00fcr die \u00dcbermittlung das \u00fcbliche Schutzniveau der DSGVO gilt.<\/p>\n<p>Rechtsgrundlage f\u00fcr die Verarbeitung der personenbezogenen Daten stellt Ihre Einwilligung gem. Art. 6 Abs. 1 lit. a DSGVO bzw. Art. 9 Abs. 2 lit. a DSGVO dar, die Sie auf unserer Internetseite get\u00e4tigt haben.<\/p>\n<p>Wir verwenden Google APIs um auf der Internetseite weitere Dienste von Google nachladen zu k\u00f6nnen. Bei Google Apis handelt es sich um eine Sammlung von Schnittstellen zur Kommunikation zwischen den verschiedenen Google Diensten, die auf Ihrer Website zum Einsatz kommen. Der Dienst wird insbesondere zur Darstellung der Google Fonts-Schriftarten und zur Bereitstellung der Google Maps-Karte.<\/p>\n<p>Zur Verarbeitung selbst erhebt der Dienst bzw. wir folgende Daten:<br \/>\nIP-Adresse<\/p>\n<p>Sofern der Dienst auf unserer Website aktiv geschaltet ist, stellt unsere Website eine Verbindung zu den Servern des Unternehmens Google Ireland Limited her und \u00fcbertr\u00e4gt die ben\u00f6tigten Daten. Im Rahmen der Auftragsverarbeitung kann es auch zu einer \u00dcbermittlung von personenbezogenen Daten an die Server des Unternehmens Google LLC, 1600 Amphitheatre Parkway, 94043 Mountain View, Vereinigte Staaten kommen. &#10;&#10;Beim Einsatz des Google-Dienstes auf unserer Website werden von Google gegebenenfalls Informationen von weiteren Google-Diensten \u00fcbermittelt und verarbeitet, um Hintergrunddienste f\u00fcr die Anzeige und Datenverarbeitung der von Google bereitgestellten Dienste zu erbringen. Hierzu erfolgt gegebenenfalls auch eine Daten\u00fcbertragung an die Google-Dienste Google Cloud, Google Maps, Google Ads und Google Fonts gem\u00e4\u00df der Google-Datenschutzerkl\u00e4rung in datenschutzrechtlicher Verantwortung von Google.&#10;&#10;Die Zertifizierung des Anbieters im Rahmen des EU-US Data Privacy Frameworks k\u00f6nnen Sie unter <a href=\"https:\/\/www.dataprivacyframework.gov\/list\" rel=\"noopener noreferrer\" target=\"_blank\">https:\/\/www.dataprivacyframework.gov\/list<\/a> abrufen.<\/p>\n<p>Ihre Einwilligung k\u00f6nnen Sie jederzeit widerrufen.&#10;N\u00e4here Informationen zum Widerruf Ihrer Einwilligung finden Sie entweder bei der Einwilligung selbst oder am Ende dieser Datenschutzerkl\u00e4rung.<\/p>\n<p>Weitere Informationen zum Handling der \u00fcbertragenen Daten finden Sie in der Datenschutzerkl\u00e4rung des Anbieters unter <a href=\"https:\/\/policies.google.com\/privacy\" rel=\"noopener noreferrer\" target=\"_blank\">https:\/\/policies.google.com\/privacy<\/a>.<\/p>\n<p>Der Anbieter bietet unter <a href=\"https:\/\/support.google.com\/My-Ad-Center-Help\/answer\/12155451?hl&#61;de\" rel=\"noopener noreferrer\" target=\"_blank\">https:\/\/support.google.com\/My-Ad-Center-Help\/answer\/12155451?hl&#61;de<\/a> zus\u00e4tzlich eine Opt-Out M\u00f6glichkeit an.<\/p>\n<\/li>\n<li>\n<h3 id=\"jsectionanametracker106agooglefonts\"><a name=\"tracker-106\"><\/a> Google Fonts<\/h3>\n<p>Wir verwenden auf unserer Seite den Dienst Google Fonts des Unternehmens Google Ireland Limited, Gordon House, Barrow Street, 4 Dublin, Irland, E-Mail: <a href=\"mailto:support-deutschland@google.com\" rel=\"noopener noreferrer\" target=\"_blank\">support-deutschland@google.com<\/a>, Website: <a href=\"https:\/\/www.google.com\/\" rel=\"noopener noreferrer\" target=\"_blank\">https:\/\/www.google.com\/<\/a>.<br \/>\nDie \u00dcbermittlung personenbezogener Daten erfolgt auch in die USA.&#10;Im Hinblick auf die \u00dcbermittlung personenbezogener Daten in die USA besteht ein Angemessenheitsbeschlusses zum EU-US Data Privacy Framework der EU Kommission im Sinne des Art. 45 DSGVO (nachfolgend: DPF &#8211; <a href=\"https:\/\/commission.europa.eu\/document\/fa09cbad-dd7d-4684-ae60-be03fcb0fddf_en\" rel=\"noopener noreferrer\" target=\"_blank\">https:\/\/commission.europa.eu\/document\/fa09cbad-dd7d-4684-ae60-be03fcb0fddf_en<\/a> ).&#10;Der Betreiber des Dienstes ist im Rahmen des DPF zertifiziert, so dass f\u00fcr die \u00dcbermittlung das \u00fcbliche Schutzniveau der DSGVO gilt.<\/p>\n<p>Rechtsgrundlage f\u00fcr die Verarbeitung der personenbezogenen Daten stellt Ihre Einwilligung gem. Art. 6 Abs. 1 lit. a DSGVO bzw. Art. 9 Abs. 2 lit. a DSGVO dar, die Sie auf unserer Internetseite get\u00e4tigt haben.<\/p>\n<p>Wir verwenden den Dienst Google Fonts um auf unserer Seite attraktive Schriftarten einbinden zu k\u00f6nnen, um Ihnen unsere Webseite in einer optisch besseren Version anzeigen zu k\u00f6nnen. Ebenfalls kommt der Dienst auf unserer Webseite gegebenenfalls zum Einsatz wenn andere Google-Dienste auf unserer Webseite nachgeladen werden, die Google Fonts-Schriftarten zur Ausf\u00fchrung ben\u00f6tigen. Dies ist beispielsweise dann der Fall, sofern unsere Webseite Google-Dienste nutzt, die zur Ausf\u00fchrung Google Fonts zwingend ben\u00f6tigen.<\/p>\n<p>Zur Verarbeitung selbst erhebt der Dienst bzw. wir folgende Daten:<br \/>\nDaten zu Schriftarten, IP-Adresse des Seitenbesuchers, Statistiken \u00fcber den Gebrauch von Schriftarten und weitere Daten von Google-Diensten  bezogen auf unsere Webseite.<\/p>\n<p>Sofern der Dienst auf unserer Website aktiv geschaltet ist, stellt unsere Website eine Verbindung zu den Servern des Unternehmens Google Ireland Limited her und \u00fcbertr\u00e4gt die ben\u00f6tigten Daten. Im Rahmen der Auftragsverarbeitung kann es auch zu einer \u00dcbermittlung von personenbezogenen Daten an die Server des Unternehmens Google LLC, 1600 Amphitheatre Parkway, 94043 Mountain View, Vereinigte Staaten kommen. &#10;&#10;Beim Einsatz des Google-Dienstes auf unserer Website werden von Google gegebenenfalls Informationen von weiteren Google-Diensten \u00fcbermittelt und verarbeitet, um Hintergrunddienste f\u00fcr die Anzeige und Datenverarbeitung der von Google bereitgestellten Dienste zu erbringen. Hierzu erfolgt gegebenenfalls auch eine Daten\u00fcbertragung an die Google-Dienste Google Apis, Google Cloud und Google Ads gem\u00e4\u00df der Google-Datenschutzerkl\u00e4rung.&#10;&#10;Die Zertifizierung des Anbieters im Rahmen des EU-US Data Privacy Frameworks k\u00f6nnen Sie unter <a href=\"https:\/\/www.dataprivacyframework.gov\/list\" rel=\"noopener noreferrer\" target=\"_blank\">https:\/\/www.dataprivacyframework.gov\/list<\/a> abrufen.<\/p>\n<p>Ihre Einwilligung k\u00f6nnen Sie jederzeit widerrufen.&#10;N\u00e4here Informationen zum Widerruf Ihrer Einwilligung finden Sie entweder bei der Einwilligung selbst oder am Ende dieser Datenschutzerkl\u00e4rung.<\/p>\n<p>Weitere Informationen zum Handling der \u00fcbertragenen Daten finden Sie in der Datenschutzerkl\u00e4rung des Anbieters unter <a href=\"https:\/\/policies.google.com\/privacy\" rel=\"noopener noreferrer\" target=\"_blank\">https:\/\/policies.google.com\/privacy<\/a>.<\/p>\n<p>Der Anbieter bietet unter <a href=\"https:\/\/support.google.com\/My-Ad-Center-Help\/answer\/12155451?hl&#61;de\" rel=\"noopener noreferrer\" target=\"_blank\">https:\/\/support.google.com\/My-Ad-Center-Help\/answer\/12155451?hl&#61;de<\/a> zus\u00e4tzlich eine Opt-Out M\u00f6glichkeit an.<\/p>\n<\/li>\n<li>\n<h3 id=\"jsectionanametracker1200arechtstextsnippetundmodule\"><a name=\"tracker-1200\"><\/a> Rechtstextsnippet und Module<\/h3>\n<p>Wir verwenden auf unserer Seite den Dienst Rechtstextsnippet und Module des Unternehmens Website-Check GmbH, Beethovenstra\u00dfe 24, 66111 Saarbr\u00fccken, Deutschland, E-Mail: <a href=\"mailto:support@website-check.de\" rel=\"noopener noreferrer\" target=\"_blank\">support@website-check.de<\/a>, Website: <a href=\"https:\/\/www.website-check.de\/\" rel=\"noopener noreferrer\" target=\"_blank\">https:\/\/www.website-check.de\/<\/a>.<br \/>\nDie \u00dcbermittlung personenbezogener Daten erfolgt ausschlie\u00dflich an Server in der europ\u00e4ischen Union.<\/p>\n<p>Rechtsgrundlage f\u00fcr die Verarbeitung stellt Art. 6 Abs. 1 lit. c DSGVO dar.&#10;Der Einsatz des Dienstes unterst\u00fctzt uns dabei unseren rechtlichen Verpflichtungen nachzukommen.<\/p>\n<p>Mit Hilfe des Dienstes werden auf unserer Internetseite Inhalte unserer Rechtstexte nachgeladen. \u00dcber die vorgenommene Einbindung auf unserer Seite werden die jeweils aktuellen Rechtstexte nachgeladen. \u00dcber diese Einbindung k\u00f6nnen ggf. auch weitere technische Module im Hinblick auf die rechtlichen Texte oder rechtlich notwendigen Elemente nachgeladen werden.<\/p>\n<p>Welche Rechte Ihnen im Hinblick auf die Verarbeitung zustehen, finden Sie am Ende dieser Datenschutzerkl\u00e4rung.<\/p>\n<p>Weitere Informationen zum Handling der \u00fcbertragenen Daten finden Sie in der Datenschutzerkl\u00e4rung des Anbieters unter <a href=\"https:\/\/www.website-check.de\/datenschutzerklaerung\/\" rel=\"noopener noreferrer\" target=\"_blank\">https:\/\/www.website-check.de\/datenschutzerklaerung\/<\/a>.<\/p>\n<\/li>\n<li>\n<h3 id=\"jsectionanametracker311awebsitechecksiegel\"><a name=\"tracker-311\"><\/a> Website-Check Siegel<\/h3>\n<p>Wir verwenden auf unserer Seite den Dienst Website-Check Siegel des Unternehmens Website-Check GmbH, Beethovenstra\u00dfe 24, 66111 Saarbr\u00fccken, Deutschland, E-Mail: <a href=\"mailto:support@website-check.de\" rel=\"noopener noreferrer\" target=\"_blank\">support@website-check.de<\/a>, Website: <a href=\"https:\/\/www.website-check.de\/\" rel=\"noopener noreferrer\" target=\"_blank\">https:\/\/www.website-check.de\/<\/a>.<br \/>\nDie \u00dcbermittlung personenbezogener Daten erfolgt ausschlie\u00dflich an Server in der europ\u00e4ischen Union.<\/p>\n<p>Rechtsgrundlage f\u00fcr die Verarbeitung der personenbezogenen Daten stellt gem. Art. 6 Abs. 1 lit. f DSGVO unser berechtigtes Interesse dar.&#10;Unser berechtigtes Interesse liegt in der Erreichung des nachfolgend geschilderten Zwecks.<\/p>\n<p>Bei dem Script der Website-Check GmbH handelt es sich um die technische Einbindung des Website-Check Siegels. Mit diesem Siegel m\u00f6chten wir zeigen, dass wir das Thema Datenschutz sehr ernst nehmen. Die \u00dcbermittlung von Daten an die Website-Check GmbH erfolgt zur Auslieferung und Darstellung des Siegels auf unserer Seite.<\/p>\n<p>Im Hinblick auf die Verarbeitung steht Ihnen das in Art. 21 aufgef\u00fchrte Widerspruchsrecht zu.&#10;N\u00e4here Informationen finden Sie am Ende dieser Datenschutzerkl\u00e4rung.<\/p>\n<p>Weitere Informationen zum Handling der \u00fcbertragenen Daten finden Sie in der Datenschutzerkl\u00e4rung des Anbieters unter <a href=\"https:\/\/www.website-check.de\/datenschutzerklaerung\/\" rel=\"noopener noreferrer\" target=\"_blank\">https:\/\/www.website-check.de\/datenschutzerklaerung\/<\/a>.<\/p>\n<\/li>\n<\/ul>\n<h2 id=\"jsectionunterrichtungberdienutzungvoncookies\">Unterrichtung \u00fcber die Nutzung von Cookies<\/h2>\n<ul>\n<li>\n<h4 id=\"jsectionwelchepersonenbezogenendatenwerdenerhobenundinwelchemumfangwerdendieseverarbeitet\">Welche personenbezogenen Daten werden erhoben und in welchem Umfang werden diese verarbeitet?<\/h4>\n<p>Auf verschiedenen Seiten integrieren und verwenden wir Cookies, um bestimmte Funktionen unserer Website zu erm\u00f6glichen und externe Webservices zu integrieren.<br \/>\nBei den sogenannten &#8222;Cookies&#8220; handelt es sich um kleine Textdateien, die Ihr Browser auf Ihrem Zugangsger\u00e4t speichern kann.<br \/>\nDiese Textdateien enthalten eine charakteristische Zeichenkette, die den Browser eindeutig identifiziert, wenn Sie zu unserer Website zur\u00fcckkehren.<br \/>\nDer Prozess des Speicherns einer Cookie-Datei wird auch als &#8222;Setzen eines Cookies&#8220; bezeichnet.<br \/>\nCookies k\u00f6nnen hierbei sowohl von der Website selbst als auch von externen Webservices gesetzt werden.<br \/>\nDie Cookies werden von unserer Website bzw. den externen Webservices gesetzt, um die volle Funktionalit\u00e4t unserer Website zu erhalten, die Benutzerfreundlichkeit zu verbessern oder um den mit Ihrer Einwilligung angegebenen Zweck zu verfolgen.<br \/>\nDie Cookie-Technologie erm\u00f6glicht es uns auch, einzelne Besucher anhand von Pseudonymen, z.B. einer individuellen oder zuf\u00e4lligen IDs, zu erkennen, sodass wir mehr individuelle Dienstleistungen anbieten k\u00f6nnen.<br \/>\nDetails sind in der folgenden Tabelle aufgef\u00fchrt.<\/p>\n<\/li>\n<li>\n<h4 id=\"jsectionrechtsgrundlagefrdieverarbeitungpersonenbezogenerdaten\">Rechtsgrundlage f\u00fcr die Verarbeitung personenbezogener Daten<\/h4>\n<p>Soweit die Cookies auf Basis einer Einwilligung gem\u00e4\u00df Art. 6 Abs. 1 lit. a DSGVO verarbeitet werden, gilt diese Einwilligung auch als Einwilligung im Sinne des \u00a7 25 Abs. 1 TDDDG f\u00fcr das Setzen des Cookies auf dem Endger\u00e4t des Nutzers.<br \/>\nSoweit eine andere Rechtsgrundlage nach der DSGVO genannt wird (z.B. zur Vertragserf\u00fcllung oder zur Erf\u00fcllung gesetzlicher Pflichten), erfolgt die Speicherung bzw. das Setzen auf Basis einer Ausnahme gem\u00e4\u00df \u00a7 25 Abs. 2 TDDDG.<br \/>\nDiese liegt dann vor, \u201ewenn der alleinige Zweck der Speicherung von Informationen in der Endeinrichtung des Endnutzers oder der alleinige Zweck des Zugriffs auf bereits in der Endeinrichtung des Endnutzers gespeicherte Informationen die Durchf\u00fchrung der \u00dcbertragung einer Nachricht \u00fcber ein \u00f6ffentliches Telekommunikationsnetz ist\u201c<br \/>\noder \u201ewenn die Speicherung von Informationen in der Endeinrichtung des Endnutzers oder der Zugriff auf bereits in der Endeinrichtung des Endnutzers gespeicherte Informationen unbedingt erforderlich ist, damit der Anbieter eines Telemediendienstes einen vom Nutzer ausdr\u00fccklich gew\u00fcnschten Telemediendienst zur Verf\u00fcgung stellen kann\u201c.<br \/>\nWelche Rechtsgrundlage einschl\u00e4gig ist, ergibt sich aus der sp\u00e4ter in diesem Punkt aufgef\u00fchrten Cookie-Tabelle.<\/p>\n<\/li>\n<li>\n<h4 id=\"jsectionzweckderdatenverarbeitung\">Zweck der Datenverarbeitung<\/h4>\n<p>Die Cookies werden von unserer Website bzw. den externen Webservices gesetzt, um die volle Funktionalit\u00e4t unserer Website zu erhalten, die Benutzerfreundlichkeit zu verbessern oder um den mit Ihrer Einwilligung angegebenen Zweck zu verfolgen.<br \/>\nDie Cookie-Technologie erm\u00f6glicht es uns auch, einzelne Besucher anhand von Pseudonymen, z.B. einer individuellen oder zuf\u00e4lligen IDs, zu erkennen, so dass wir mehr individuelle Dienstleistungen anbieten k\u00f6nnen.<br \/>\nDetails sind in der folgenden Tabelle aufgef\u00fchrt.<\/p>\n<\/li>\n<li>\n<h4 id=\"jsectiondauerderspeicherung\">Dauer der Speicherung<\/h4>\n<p>Die Speicherung unserer Cookies erfolgt bis zur L\u00f6schung in Ihrem Browser oder, wenn es sich um einen Session-Cookie handelt, bis die Session abgelaufen ist.<br \/>\nDetails sind in der folgenden Tabelle aufgef\u00fchrt.<\/p>\n<\/li>\n<li>\n<h4 id=\"jsectionwiderspruchsundbeseitigungsmglichkeit\">Widerspruchs- und Beseitigungsm\u00f6glichkeit<\/h4>\n<p>Sie k\u00f6nnen Ihren Browser nach Ihren W\u00fcnschen so einstellen, dass das Setzen von Cookies generell verhindert wird.<br \/>\nSie k\u00f6nnen dann von Fall zu Fall \u00fcber die Annahme von Cookies entscheiden oder Cookies grunds\u00e4tzlich akzeptieren.<br \/>\nCookies k\u00f6nnen f\u00fcr verschiedene Zwecke verwendet werden, z.B. um zu erkennen, dass Ihr Zugangsger\u00e4t bereits mit unserer Website verbunden ist (permanente Cookies) oder um zuletzt angesehene Angebote zu speichern (Session-Cookies).<br \/>\nWenn Sie uns ausdr\u00fccklich die Erlaubnis erteilt haben, Ihre personenbezogenen Daten zu verarbeiten k\u00f6nnen Sie diese Einwilligung jederzeit widerrufen.<br \/>\nBitte beachten Sie, dass die Rechtm\u00e4\u00dfigkeit der auf der Grundlage der Einwilligung bis zum Widerruf vorgenommenen Verarbeitung davon nicht ber\u00fchrt wird.<\/p>\n<\/li>\n<\/ul>\n<table>\n<thead>\n<tr>\n<th>Cookie-Name<\/th>\n<th>Server<\/th>\n<th>Anbieter<\/th>\n<th>Zweck<\/th>\n<th>Rechtsgrundlage<\/th>\n<th>Speicherdauer<\/th>\n<th>Typ<\/th>\n<\/tr>\n<\/thead>\n<tbody>\n<tr>\n<td data-header=\"Cookie-Name\">moove_gdpr_popup<\/td>\n<td data-header=\"Server\">schu-finanzmanagement.de<\/td>\n<td data-header=\"Anbieter\"><a href=\"#responsible-entity\">Webseitenbetreiber<\/a><\/td>\n<td data-header=\"Zweck\">Das Cookie speichert die Einstellungen des Cookie-Banners und die Entscheidung des Seitennutzers bez\u00fcglich der Cookies.<\/td>\n<td data-header=\"Rechtsgrundlage\">Art. 6 Abs. 1 lit. c DSGVO (Erf\u00fcllung rechtlicher Verpflichtung)<\/td>\n<td data-header=\"Speicherdauer\">ca. 12 Monate<\/td>\n<td data-header=\"Typ\">Cookie-Banner<\/td>\n<\/tr>\n<tr>\n<td data-header=\"Cookie-Name\">wordpress_<\/td>\n<td data-header=\"Server\">schu-finanzmanagement.de<\/td>\n<td data-header=\"Anbieter\"><a href=\"#responsible-entity\">Webseitenbetreiber<\/a><\/td>\n<td data-header=\"Zweck\">Mit Hilfe dieses Cookies erkennt WordPress, dass ein Nutzer eingeloggt ist und weist dem Nutzer die individuellen Rechte zur Nutzung der Website zu.<\/td>\n<td data-header=\"Rechtsgrundlage\">Art. 6 Abs. 1 lit. f DSGVO (berechtigte Interessen)<\/td>\n<td data-header=\"Speicherdauer\">Sitzung<\/td>\n<td data-header=\"Typ\">Komfort<\/td>\n<\/tr>\n<tr>\n<td data-header=\"Cookie-Name\">wordpress_logged_in<\/td>\n<td data-header=\"Server\">schu-finanzmanagement.de<\/td>\n<td data-header=\"Anbieter\"><a href=\"#responsible-entity\">Webseitenbetreiber<\/a><\/td>\n<td data-header=\"Zweck\">Dieses Cookie wird dazu verwendet, festzustellen, ob Sie bereits auf WordPress eingeloggt waren und erm\u00f6glicht das Login ohne Eingabe der Login-Daten.<\/td>\n<td data-header=\"Rechtsgrundlage\">Art. 6 Abs. 1 lit. f DSGVO (berechtigte Interessen)<\/td>\n<td data-header=\"Speicherdauer\">Sitzung<\/td>\n<td data-header=\"Typ\">Komfort<\/td>\n<\/tr>\n<tr>\n<td data-header=\"Cookie-Name\">wordpress_sec_<\/td>\n<td data-header=\"Server\">schu-finanzmanagement.de<\/td>\n<td data-header=\"Anbieter\"><a href=\"#responsible-entity\">Webseitenbetreiber<\/a><\/td>\n<td data-header=\"Zweck\">Dieses Cookie wird ben\u00f6tigt, um den Nutzer, sofern er dies w\u00fcnscht, auf der WordPress-Site weiterhin eingeloggt zu lassen. Auf diese Weise muss sich der Nutzer nicht neu einloggen.<\/td>\n<td data-header=\"Rechtsgrundlage\">Art. 6 Abs. 1 lit. f DSGVO (berechtigte Interessen)<\/td>\n<td data-header=\"Speicherdauer\">Sitzung<\/td>\n<td data-header=\"Typ\">Komfort<\/td>\n<\/tr>\n<tr>\n<td data-header=\"Cookie-Name\">wordpress_test_cookie<\/td>\n<td data-header=\"Server\">schu-finanzmanagement.de<\/td>\n<td data-header=\"Anbieter\"><a href=\"#responsible-entity\">Webseitenbetreiber<\/a><\/td>\n<td data-header=\"Zweck\">Dieses Cookie \u00fcberpr\u00fcft auf der Login-Seite von WordPress, ob der Browser des Nutzers generell Cookies erlaubt oder ablehnt. Diese Informationen ben\u00f6tigt WordPress um festzustellen, ob ein WordPress-Login vom Browser unterst\u00fctzt wird.<\/td>\n<td data-header=\"Rechtsgrundlage\">Art. 6 Abs. 1 lit. f DSGVO (berechtigte Interessen)<\/td>\n<td data-header=\"Speicherdauer\">Sitzung<\/td>\n<td data-header=\"Typ\">Cookie-Banner<\/td>\n<\/tr>\n<tr>\n<td data-header=\"Cookie-Name\">wordpresspass_<\/td>\n<td data-header=\"Server\">schu-finanzmanagement.de<\/td>\n<td data-header=\"Anbieter\"><a href=\"#responsible-entity\">Webseitenbetreiber<\/a><\/td>\n<td data-header=\"Zweck\">Das Cookie sorgt daf\u00fcr, dass erkannt wird ob ein Login-Versuch mit den notwendigen Authentifizierungsmerkmalen durchgef\u00fchrt worden ist.<\/td>\n<td data-header=\"Rechtsgrundlage\">Art. 6 Abs. 1 lit. f DSGVO (berechtigte Interessen)<\/td>\n<td data-header=\"Speicherdauer\">Sitzung<\/td>\n<td data-header=\"Typ\">Security<\/td>\n<\/tr>\n<tr>\n<td data-header=\"Cookie-Name\">wordpressuser_<\/td>\n<td data-header=\"Server\">schu-finanzmanagement.de<\/td>\n<td data-header=\"Anbieter\"><a href=\"#responsible-entity\">Webseitenbetreiber<\/a><\/td>\n<td data-header=\"Zweck\">Dieses Cookie wird dazu verwendet, dem Seitenbesucher eine individuelle ID zuzuweisen. WordPress ordnet die Interaktionen des Seitennutzers dann unter dieser ID zusammen. den individuellen Einstellungen des Nutzers versehen.<\/td>\n<td data-header=\"Rechtsgrundlage\">Art. 6 Abs. 1 lit. f DSGVO (berechtigte Interessen)<\/td>\n<td data-header=\"Speicherdauer\">Sitzung<\/td>\n<td data-header=\"Typ\">Konfiguration<\/td>\n<\/tr>\n<tr>\n<td data-header=\"Cookie-Name\">wp-postpass<\/td>\n<td data-header=\"Server\">schu-finanzmanagement.de<\/td>\n<td data-header=\"Anbieter\"><a href=\"#responsible-entity\">Webseitenbetreiber<\/a><\/td>\n<td data-header=\"Zweck\">Das Cookie pr\u00fcft ob bereits Cookies von WordPress oder einem anderem Website-CMS vorhanden sind.<\/td>\n<td data-header=\"Rechtsgrundlage\">Art. 6 Abs. 1 lit. a DSGVO bzw. Art. 9 Abs. 2 lit. a DSGVO (Einwilligung)<\/td>\n<td data-header=\"Speicherdauer\">Sitzung<\/td>\n<td data-header=\"Typ\">Konfiguration<\/td>\n<\/tr>\n<tr>\n<td data-header=\"Cookie-Name\">wp-settings<\/td>\n<td data-header=\"Server\">schu-finanzmanagement.de<\/td>\n<td data-header=\"Anbieter\"><a href=\"#responsible-entity\">Webseitenbetreiber<\/a><\/td>\n<td data-header=\"Zweck\">Dieses Cookie wird verwendet, um Nutzereinstellungen der jeweiligen WordPress-Seitennutzer zu speichern. Auf diese Weise kann sich die Website individuelle Einstellungen des Nutzers merken.<\/td>\n<td data-header=\"Rechtsgrundlage\">Art. 6 Abs. 1 lit. a DSGVO bzw. Art. 9 Abs. 2 lit. a DSGVO (Einwilligung)<\/td>\n<td data-header=\"Speicherdauer\">Sitzung<\/td>\n<td data-header=\"Typ\">Komfort<\/td>\n<\/tr>\n<tr>\n<td data-header=\"Cookie-Name\">wp-settings-time<\/td>\n<td data-header=\"Server\">schu-finanzmanagement.de<\/td>\n<td data-header=\"Anbieter\"><a href=\"#responsible-entity\">Webseitenbetreiber<\/a><\/td>\n<td data-header=\"Zweck\">Dieses Cookie wird verwendet, um Nutzereinstellungen der jeweiligen WordPress-Seitennutzer zu speichern. Auf diese Weise kann sich die Website individuelle Einstellungen des Nutzers merken.<\/td>\n<td data-header=\"Rechtsgrundlage\">Art. 6 Abs. 1 lit. a DSGVO bzw. Art. 9 Abs. 2 lit. a DSGVO (Einwilligung)<\/td>\n<td data-header=\"Speicherdauer\">Sitzung<\/td>\n<td data-header=\"Typ\">Komfort<\/td>\n<\/tr>\n<\/tbody>\n<\/table>\n<p id=\"jsectioncookiebannerconfig\" style=\"display: none;\">\nSofern Cookies auf Basis Ihrer Einwilligung gesetzt wurden, k\u00f6nnen Sie Ihre Einwilligung jederzeit in den Cookie-Einstellungen des Cookie-Banners widerrufen.<br \/>\nDie Cookie-Einstellungen k\u00f6nnen Sie <a href=\"javascript:window.document.cookieBanner.show()\">hier<\/a> anpassen.\n<\/p>\n<h2 id=\"jsectiondatensicherheitunddatenschutzkommunikationperemail\">Datensicherheit und Datenschutz, Kommunikation per E-Mail<\/h2>\n<p>Ihre personenbezogenen Daten werden durch technische und organisatorische Ma\u00dfnahmen so bei der Erhebung, Speicherung und Verarbeitung gesch\u00fctzt, dass sie f\u00fcr Dritte nicht zug\u00e4nglich sind.<br \/>\nBei einer unverschl\u00fcsselten Kommunikation per E-Mail kann die vollst\u00e4ndige Datensicherheit auf dem \u00dcbertragungsweg zu unseren IT-Systemen von uns nicht gew\u00e4hrleistet werden, sodass wir bei Informationen mit hohem Geheimhaltungsbed\u00fcrfnis eine verschl\u00fcsselte Kommunikation oder den Postweg empfehlen.<\/p>\n<h2 id=\"jsectionautomatischeemailarchivierung\">Automatische E-Mail Archivierung<\/h2>\n<ul>\n<li>\n<h4 id=\"jsectionumfangderverarbeitungpersonenbezogenerdaten\">Umfang der Verarbeitung personenbezogener Daten<\/h4>\n<p>Wir weisen Sie ausdr\u00fccklich darauf hin, dass unser Mailsystem \u00fcber ein automatisiertes Archivierungsverfahren verf\u00fcgt.<br \/>\nAlle ein- und ausgehenden E-Mails werden hierdurch revisionssicher digital archiviert.<\/p>\n<\/li>\n<li>\n<h4 id=\"jsectionrechtsgrundlagefrdieverarbeitungpersonenbezogenerdaten-2\">Rechtsgrundlage f\u00fcr die Verarbeitung personenbezogener Daten<\/h4>\n<p>Art. 6 Abs. 1 lit. c DSGVO (rechtliche Verpflichtung).<br \/>\nDie rechtliche Verpflichtung besteht in der Einhaltung steuerrechtlicher und handelsrechtlicher Vorgaben (z.B. \u00a7\u00a7 146, 147 AO, \u00a7\u00a7 238, 257 HGB).<\/p>\n<\/li>\n<li>\n<h4 id=\"jsectionzweckderdatenverarbeitung-2\">Zweck der Datenverarbeitung<\/h4>\n<p>Der Zweck der Archivierung besteht in der Einhaltung steuerrechtlicher (z.B. \u00a7\u00a7 146, 147 AO \u2013 Pflicht zur Aufbewahrung von E-Mails von steuerrechtlicher Relevanz) und handelsrechtlicher Vorgaben (z.B. \u00a7\u00a7 238, 257 HGB \u2013 Pflicht zur Archivierung von Gesch\u00e4ftskorrespondenz).<\/p>\n<\/li>\n<li>\n<h4 id=\"jsectiondauerderspeicherung-2\">Dauer der Speicherung<\/h4>\n<p>Die Speicherung unserer Mailkommunikation erfolgt bis zum Ablauf steuerrechtlicher und handelsrechtlicher Aufbewahrungspflichten.<br \/>\nDie Aufbewahrungsdauer kann bis zu 10 Jahre betragen.<\/p>\n<\/li>\n<li>\n<h4 id=\"jsectionwiderspruchsundlschungsmglichkeit-1\">Widerspruchs- und L\u00f6schungsm\u00f6glichkeit<\/h4>\n<p>Sie k\u00f6nnen der Verarbeitung jederzeit gem. Art. 21 DSGVO widersprechen und eine L\u00f6schung von Daten gem. Art. 17 DSGVO verlangen.<br \/>\nWelche Rechte Ihnen zustehen und wie Sie diese geltend machen, finden Sie im unteren Bereich dieser Datenschutzerkl\u00e4rung.<\/p>\n<\/li>\n<li>\n<h4 id=\"jsectionumgangmitbewerbungsunterlagen\">Umgang mit Bewerbungsunterlagen<\/h4>\n<p>Zudem weisen wir darauf hin, dass wir ausschlie\u00dflich Bewerbungsunterlagen in PDF-Dateiform beachten.<br \/>\nGezippte Dateien (WinZip, WinRAR, 7Zip, etc.) werden von unseren Sicherheitssystemen ausgefiltert und nicht zugestellt.<br \/>\nBewerbungen im Word-Dateiformat und andere Dateiformate beachten wir nicht und l\u00f6schen sie ungelesen.<br \/>\nBitte beachten Sie, dass per E-Mail unverschl\u00fcsselt \u00fcbermittelte Bewerbungsunterlagen ggf. von Dritten ge\u00f6ffnet werden k\u00f6nnen, bevor sie in unseren IT-Systemen ankommen.<br \/>\nWir gehen davon aus, dass wir unverschl\u00fcsselte Bewerbungsmails ebenfalls unverschl\u00fcsselt beantworten d\u00fcrfen.<br \/>\nSollten Sie dies nicht w\u00fcnschen, so geben Sie uns bitte einen Hinweis in Ihrer Bewerbungsmail.<\/p>\n<\/li>\n<\/ul>\n<h2 id=\"jsectionauskunftsanspruchundberichtigungswnschelschungeinschrnkungvondatenwiderrufvoneinwilligungenwiderspruchsrecht\">Auskunftsanspruch und Berichtigungsw\u00fcnsche \u2013 L\u00f6schung &amp; Einschr\u00e4nkung von Daten &#8211; Widerruf von Einwilligungen \u2013 Widerspruchsrecht<\/h2>\n<h3 id=\"jsectionauskunftsanspruch\">Auskunftsanspruch<\/h3>\n<p>Sie haben das Recht, eine Best\u00e4tigung dar\u00fcber zu verlangen, ob wir personenbezogene Daten von Ihnen verarbeiten.<br \/>\nSofern dies der Fall ist, haben Sie ein Recht auf Auskunft \u00fcber die in Art. 15 Abs. 1 DSGVO benannten Informationen, soweit nicht die Rechte und Freiheiten anderer Personen beeintr\u00e4chtigt werden (vgl. Art. 15 Abs. 4 DSGVO).<br \/>\nGerne stellen wir Ihnen auch eine Kopie der Daten zur Verf\u00fcgung.<\/p>\n<h3 id=\"jsectionberichtigungsanspruch\">Berichtigungsanspruch<\/h3>\n<p>Sie haben gem. Art. 16 DSGVO das Recht, bei uns ggf. falsch hinterlegte personenbezogene Daten (wie z.B. Adresse, Name, etc.) jederzeit korrigieren zu lassen.<br \/>\nAuch k\u00f6nnen Sie jederzeit eine Vervollst\u00e4ndigung der bei uns gespeicherten Daten verlangen.<br \/>\nEine entsprechende Anpassung erfolgt unverz\u00fcglich.<\/p>\n<h3 id=\"jsectionrechtauflschung\">Recht auf L\u00f6schung<\/h3>\n<p>Sie haben gem. Art. 17 Abs. Abs. 1 DSGVO das Recht darauf, dass wir die \u00fcber Sie erhobenen personenbezogenen Daten l\u00f6schen, wenn<\/p>\n<ul>\n<li>die Daten entweder nicht mehr ben\u00f6tigt werden;<\/li>\n<li>aufgrund des Widerrufs Ihrer Einwilligung die Rechtsgrundlage der Verarbeitung ersatzlos entfallen ist;<\/li>\n<li>Sie Widerspruch gegen die Verarbeitung eingelegt haben und keine berechtigten Gr\u00fcnde f\u00fcr die Verarbeitung vorliegen;<\/li>\n<li>Ihre Daten unrechtm\u00e4\u00dfig verarbeitet werden;<\/li>\n<li>eine rechtliche Verpflichtung dies erfordert oder eine Erhebung gem. Art. 8 Abs. 1 DSGVO stattgefunden hat.<\/li>\n<\/ul>\n<p>Das Recht besteht gem. Art. 17 Abs. 3 DSGVO dann nicht, wenn<\/p>\n<ul>\n<li>die Verarbeitung zur Aus\u00fcbung des Rechtes auf freie Meinungs\u00e4u\u00dferung und Information erforderlich ist;<\/li>\n<li>Ihre Daten auf Grundlage einer rechtlichen Verpflichtung erhoben worden sind;<\/li>\n<li>die Verarbeitung aus Gr\u00fcnden des \u00f6ffentlichen Interesses erforderlich ist;<\/li>\n<li>die Daten zur Geltendmachung, Aus\u00fcbung oder Verteidigung von Rechtsanspr\u00fcchen erforderlich sind.<\/li>\n<\/ul>\n<h3 id=\"jsectionrechtaufeinschrnkungderverarbeitung\">Recht auf Einschr\u00e4nkung der Verarbeitung<\/h3>\n<p>Gem. Art. 18 Abs. 1 DSGVO haben Sie in einzelnen F\u00e4llen das Recht, die Einschr\u00e4nkung der Verarbeitung Ihrer personenbezogenen Daten zu verlangen.<\/p>\n<p>Dies ist dann der Fall, wenn<\/p>\n<ul>\n<li>die Richtigkeit der personenbezogenen Daten von Ihnen bestritten wird;<\/li>\n<li>die Verarbeitung unrechtm\u00e4\u00dfig ist und Sie einer L\u00f6schung nicht zustimmen;<\/li>\n<li>die Daten nicht l\u00e4nger f\u00fcr den Verarbeitungszweck ben\u00f6tigt werden, aber die erhobenen Daten der Geltendmachung, Aus\u00fcbung oder Verteidigung von Rechtsanspr\u00fcchen dienen;<\/li>\n<li>ein Widerspruch gegen die Verarbeitung gem. Art. 21 Abs. 1 DSGVO eingelegt worden ist und noch unklar ist, welche Interessen \u00fcberwiegen.<\/li>\n<\/ul>\n<h3 id=\"jsectionrechtaufwiderruf\">Recht auf Widerruf<\/h3>\n<p>Sofern Sie uns eine ausdr\u00fcckliche Einwilligung in die Verarbeitung Ihrer personenbezogenen Daten erteilt haben (Art. 6 Abs. 1 lit. a DSGVO bzw. Art. 9 Abs. 2 lit. a DSGVO) k\u00f6nnen Sie diese jederzeit  widerrufen.<br \/>\nBitte beachten Sie, dass die Rechtm\u00e4\u00dfigkeit der aufgrund der Einwilligung bis zum Widerruf erfolgten Verarbeitung hierdurch nicht ber\u00fchrt wird.<\/p>\n<h3 id=\"jsectionrechtaufwiderspruch\">Recht auf Widerspruch<\/h3>\n<p>Sie haben gem. Art. 21 DSGVO das Recht, jederzeit gegen die Verarbeitung Sie betreffender personenbezogener Daten, die aufgrund von Art. 6 Abs. 1 lit. f (im Rahmen eines berechtigten Interesses) erhoben worden sind, Widerspruch einzulegen.<br \/>\nDas Recht steht Ihnen nur zu, wenn gegen die Speicherung und Verarbeitung besondere Umst\u00e4nde sprechen.<\/p>\n<h3 id=\"jsectionwienehmensieihrerechtewahr\">Wie nehmen Sie Ihre Rechte wahr?<\/h3>\n<p>Ihre Rechte k\u00f6nnen Sie jederzeit wahrnehmen, indem Sie sich an die unten stehenden Kontaktdaten wenden:<\/p>\n<p>Schu Finanz-Management e.K.<br \/>\nBergstr. 15<br \/>\n66557 Illingen<br \/>\nDeutschland<br \/>\nE-Mail: <a href=\"mailto:info@schu-finanzmanagement.de\" rel=\"noopener noreferrer\" target=\"_blank\">info@schu-finanzmanagement.de<\/a><br \/>\nTel.: 068254994215<br \/>\nFax: 068254994218  <\/p>\n<h2 id=\"jsectionrechtaufdatenbertragbarkeit\">Recht auf Daten\u00fcbertragbarkeit<\/h2>\n<p>Sie haben gem. Art. 20 DSGVO einen Anspruch auf \u00dcbermittlung der Sie betreffenden personenbezogenen Daten.<br \/>\nDie Daten werden von uns in einem strukturierten, g\u00e4ngigen und maschinenlesbaren Format zur Verf\u00fcgung gestellt.<br \/>\nDie Daten k\u00f6nnen hierbei wahlweise an Sie selbst oder an einen von Ihnen benannten Verantwortlichen \u00fcbersendet werden.<\/p>\n<p>Wir stellen Ihnen auf Anfrage gem. Art. 20 Abs. 1 DSGVO folgende Daten bereit:<\/p>\n<ul>\n<li>Daten, die aufgrund einer ausdr\u00fccklichen Einwilligung gem. Art. 6 Abs. 1 lit. a DSGVO oder Art. 9 Abs. 2 lit. a DSGVO erhoben wurden;<\/li>\n<li>Daten, die wir gem\u00e4\u00df gem. Art. 6 Abs. 1 lit. b DSGVO im Rahmen bestehender Vertr\u00e4ge von Ihnen erhalten haben;<\/li>\n<li>Daten, die im Rahmen eines automatisierten Verfahrens verarbeitet worden sind.<\/li>\n<\/ul>\n<p>Die \u00dcbertragung der personenbezogenen Daten direkt an einen von Ihnen gew\u00fcnschten Verantwortlichen werden wir vornehmen, soweit dies technisch machbar ist.<br \/>\nBitte beachten Sie, dass wir Daten, die in die Freiheiten und Rechte anderer Personen eingreifen gem. Art. 20 Abs. 4 DSGVO nicht \u00fcbertragen d\u00fcrfen.<\/p>\n<h2 id=\"jsectionbeschwerderechtbeideraufsichtsbehrdegemart77abs1dsgvo\">Beschwerderecht bei der Aufsichtsbeh\u00f6rde gem. Art. 77 Abs. 1 DSGVO<\/h2>\n<p>Sofern Sie den Verdacht haben, dass auf unserer Seite Ihre Daten rechtswidrig verarbeitet werden, k\u00f6nnen Sie selbstverst\u00e4ndlich jederzeit eine gerichtliche Kl\u00e4rung der Problematik herbeif\u00fchren.<br \/>\nZudem steht Ihnen jede andere rechtliche M\u00f6glichkeit offen.<br \/>\nUnabh\u00e4ngig davon steht Ihnen gem. Art. 77 Abs. 1 DSGVO die M\u00f6glichkeit zur Verf\u00fcgung, sich an eine Aufsichtsbeh\u00f6rde zu wenden.<br \/>\nDas Beschwerderecht gem. Art. 77 DSGVO steht Ihnen in dem EU-Mitgliedstaat Ihres Aufenthaltsortes, Ihres Arbeitsplatzes und\/oder des Ortes des vermeintlichen Versto\u00dfes zu, d.h. Sie k\u00f6nnen die Aufsichtsbeh\u00f6rde, an die Sie sich wenden, aus den oben genannten Orten w\u00e4hlen.<br \/>\nDie Aufsichtsbeh\u00f6rde, bei der die Beschwerde eingereicht wurde, unterrichtet Sie dann \u00fcber den Stand und die Ergebnisse Ihrer Eingabe, einschlie\u00dflich der M\u00f6glichkeit eines gerichtlichen Rechtsbehelfs gem. Art. 78 DSGVO.<\/p>\n<p>Erstellt durch:<\/p>\n<p>\u00a9 DURY LEGAL Rechtsanw\u00e4lte \u2013 <a href=\"https:\/\/www.dury.de\" target=\"_blank\" rel=\"noopener\">www.dury.de<\/a><\/p>\n<p>\u00a9 Website-Check GmbH \u2013 <a href=\"https:\/\/www.website-check.de\" target=\"_blank\" rel=\"noopener\">www.website-check.de<\/a><\/p>\n<p>    <a href=\"https:\/\/seal.website-check.de\/?token=eyJhbGciOiJIUzI1NiIsInR5cCI6IkpXVCJ9.eyJ3aWQiOiIxMDIwNTgiLCJ0IjoicG9saWN5IiwiaWF0IjoxNzE5NTcwOTQwfQ.S7OYhhBjF92TQwow-JO_uUhKl4ossASnmKVduA3flLA\" target=\"_blank\"><img decoding=\"async\" id=\"jseal\" style=\"width: 8em; margin-left: 1em;\" src=\"https:\/\/seal.website-check.de\/seal?token=eyJhbGciOiJIUzI1NiIsInR5cCI6IkpXVCJ9.eyJ3aWQiOiIxMDIwNTgiLCJ0IjoicG9saWN5IiwiaWF0IjoxNzE5NTcwOTQwfQ.S7OYhhBjF92TQwow-JO_uUhKl4ossASnmKVduA3flLA\" \/><\/a><br \/>\n<noscript><br \/>\n<iframe src=\"https:\/\/snippet.legal-cdn.com\/v1\/public\/websites\/toVXs4x33Yq04741lJ04TT3seYCwNe\/policies\/latest\/iframe.html\" frameborder=0 style=\"position: absolute; width: 100%; height: 100%;left: 0;top: 0;\"><br \/>\n<\/iframe><br \/>\n<\/noscript><\/p>\n<h2>  Adresse<\/h2>\n<p>\u00a0 Schu Finanz-Management e.K.<br \/>\u00a0 Bergstra\u00dfe 15<br \/>\u00a0 66557 Illingen\/H\u00fcttigweiler<\/p>\n<p>\t\t\t\t\t\t\t\t\t\t\t\t\t<img loading=\"lazy\" decoding=\"async\" width=\"321\" height=\"79\" src=\"https:\/\/schu-finanzmanagement.de\/wp-content\/uploads\/2021\/01\/Uhrzeit.jpg\" alt=\"\" srcset=\"https:\/\/schu-finanzmanagement.de\/wp-content\/uploads\/2021\/01\/Uhrzeit.jpg 321w, https:\/\/schu-finanzmanagement.de\/wp-content\/uploads\/2021\/01\/Uhrzeit-300x74.jpg 300w\" sizes=\"auto, (max-width: 321px) 100vw, 321px\" \/>\t\t\t\t\t\t\t\t\t\t\t\t\t<\/p>\n<h2>Kontakt<\/h2>\n<p>Tel.:\u00a0\u00a0 06825 &#8211; 49 94 215<\/p>\n<p>Mail :\u00a0 <a style=\"color: #ffffff;\" href=\"mailto:info@schu-finanzamanagement.de\">info@schu-finanzmanagement.de<\/a><\/p>\n<h2>Links<\/h2>\n<p><a style=\"color: #ffffff;\" href=\"https:\/\/schu-finanzmanagement.de\/index.php\/agb\/\">AGB<\/a><\/p>\n<p><a style=\"color: #ffffff;\" href=\"https:\/\/schu-finanzmanagement.de\/index.php\/Datenschutzhinweis\/\">Datenschutzhinweis<\/a><\/p>\n<p><a style=\"color: #ffffff;\" href=\"https:\/\/schu-finanzmanagement.de\/index.php\/datenschutzerklaerung\/\">Datenschutzerkl\u00e4rung<\/a><\/p>\n<p><a href=\"https:\/\/schu-finanzmanagement.de\/index.php\/impressum\/\">Impressum<\/a><\/p>\n<h2>\u00a92025. Schu Finanz-Management e.K.<\/h2>\n","protected":false},"excerpt":{"rendered":"<p>Datenschutzerkl\u00e4rung Wir freuen uns \u00fcber Ihren Besuch auf unserer Internetseite schu-finanzmanagement.de und Ihr Interesse an unserem Unternehmen. Der Schutz Ihrer personenbezogenen Daten, wie z.B. Geburtsdatum, Name, Telefonnummer, Anschrift etc., ist uns ein wichtiges Anliegen. Der Zweck dieser Datenschutzerkl\u00e4rung besteht darin, Sie \u00fcber die Verarbeitung Ihrer personenbezogenen Daten zu informieren, die wir bei einem Seitenbesuch von [&hellip;]<\/p>\n","protected":false},"author":1,"featured_media":1825,"parent":0,"menu_order":0,"comment_status":"closed","ping_status":"closed","template":"","meta":{"footnotes":""},"class_list":["post-623","page","type-page","status-publish","has-post-thumbnail","hentry"],"_links":{"self":[{"href":"https:\/\/schu-finanzmanagement.de\/index.php\/wp-json\/wp\/v2\/pages\/623","targetHints":{"allow":["GET"]}}],"collection":[{"href":"https:\/\/schu-finanzmanagement.de\/index.php\/wp-json\/wp\/v2\/pages"}],"about":[{"href":"https:\/\/schu-finanzmanagement.de\/index.php\/wp-json\/wp\/v2\/types\/page"}],"author":[{"embeddable":true,"href":"https:\/\/schu-finanzmanagement.de\/index.php\/wp-json\/wp\/v2\/users\/1"}],"replies":[{"embeddable":true,"href":"https:\/\/schu-finanzmanagement.de\/index.php\/wp-json\/wp\/v2\/comments?post=623"}],"version-history":[{"count":79,"href":"https:\/\/schu-finanzmanagement.de\/index.php\/wp-json\/wp\/v2\/pages\/623\/revisions"}],"predecessor-version":[{"id":2830,"href":"https:\/\/schu-finanzmanagement.de\/index.php\/wp-json\/wp\/v2\/pages\/623\/revisions\/2830"}],"wp:featuredmedia":[{"embeddable":true,"href":"https:\/\/schu-finanzmanagement.de\/index.php\/wp-json\/wp\/v2\/media\/1825"}],"wp:attachment":[{"href":"https:\/\/schu-finanzmanagement.de\/index.php\/wp-json\/wp\/v2\/media?parent=623"}],"curies":[{"name":"wp","href":"https:\/\/api.w.org\/{rel}","templated":true}]}}